{"id":69,"date":"2018-11-12T15:15:36","date_gmt":"2018-11-12T14:15:36","guid":{"rendered":"https:\/\/asiemut-paris.org\/?page_id=69"},"modified":"2024-10-01T11:20:19","modified_gmt":"2024-10-01T09:20:19","slug":"notre-histoire","status":"publish","type":"page","link":"https:\/\/asiemut-paris.org\/?page_id=69","title":{"rendered":"Notre histoire"},"content":{"rendered":"\t\t<div data-elementor-type=\"wp-post\" data-elementor-id=\"69\" class=\"elementor elementor-69\" data-elementor-post-type=\"page\">\n\t\t\t\t\t\t<section class=\"elementor-section elementor-top-section elementor-element elementor-element-83c177d elementor-section-full_width elementor-section-height-min-height elementor-section-height-default elementor-section-items-middle\" data-id=\"83c177d\" data-element_type=\"section\" data-e-type=\"section\" data-settings=\"{&quot;background_background&quot;:&quot;classic&quot;}\">\n\t\t\t\t\t\t\t<div class=\"elementor-background-overlay\"><\/div>\n\t\t\t\t\t\t\t<div class=\"elementor-container elementor-column-gap-default\">\n\t\t\t\t\t<div class=\"elementor-column elementor-col-100 elementor-top-column elementor-element elementor-element-f6158a3\" data-id=\"f6158a3\" data-element_type=\"column\" data-e-type=\"column\">\n\t\t\t<div class=\"elementor-widget-wrap elementor-element-populated\">\n\t\t\t\t\t\t<section class=\"elementor-section elementor-inner-section elementor-element elementor-element-adde155 elementor-section-boxed elementor-section-height-default elementor-section-height-default\" data-id=\"adde155\" data-element_type=\"section\" data-e-type=\"section\">\n\t\t\t\t\t\t<div class=\"elementor-container elementor-column-gap-default\">\n\t\t\t\t\t<div class=\"elementor-column elementor-col-100 elementor-inner-column elementor-element elementor-element-5780d1c\" data-id=\"5780d1c\" data-element_type=\"column\" data-e-type=\"column\">\n\t\t\t<div class=\"elementor-widget-wrap elementor-element-populated\">\n\t\t\t\t\t\t<div class=\"elementor-element elementor-element-79a9fc5 elementor-widget elementor-widget-text-editor\" data-id=\"79a9fc5\" data-element_type=\"widget\" data-e-type=\"widget\" data-widget_type=\"text-editor.default\">\n\t\t\t\t<div class=\"elementor-widget-container\">\n\t\t\t\t\t\t\t\t\t<p>Notre Histoire\u00a0<\/p>\t\t\t\t\t\t\t\t<\/div>\n\t\t\t\t<\/div>\n\t\t\t\t\t<\/div>\n\t\t<\/div>\n\t\t\t\t\t<\/div>\n\t\t<\/section>\n\t\t\t\t\t<\/div>\n\t\t<\/div>\n\t\t\t\t\t<\/div>\n\t\t<\/section>\n\t\t\t\t<section class=\"elementor-section elementor-top-section elementor-element elementor-element-5923d2c elementor-section-boxed elementor-section-height-default elementor-section-height-default\" data-id=\"5923d2c\" data-element_type=\"section\" data-e-type=\"section\">\n\t\t\t\t\t\t<div class=\"elementor-container elementor-column-gap-default\">\n\t\t\t\t\t<div class=\"elementor-column elementor-col-100 elementor-top-column elementor-element elementor-element-f975a46\" data-id=\"f975a46\" data-element_type=\"column\" data-e-type=\"column\">\n\t\t\t<div class=\"elementor-widget-wrap elementor-element-populated\">\n\t\t\t\t\t\t<div class=\"elementor-element elementor-element-0de7ad5 elementor-widget elementor-widget-spacer\" data-id=\"0de7ad5\" data-element_type=\"widget\" data-e-type=\"widget\" data-widget_type=\"spacer.default\">\n\t\t\t\t<div class=\"elementor-widget-container\">\n\t\t\t\t\t\t\t<div class=\"elementor-spacer\">\n\t\t\t<div class=\"elementor-spacer-inner\"><\/div>\n\t\t<\/div>\n\t\t\t\t\t\t<\/div>\n\t\t\t\t<\/div>\n\t\t\t\t<div class=\"elementor-element elementor-element-c65d6d2 elementor-widget elementor-widget-text-editor\" data-id=\"c65d6d2\" data-element_type=\"widget\" data-e-type=\"widget\" data-widget_type=\"text-editor.default\">\n\t\t\t\t<div class=\"elementor-widget-container\">\n\t\t\t\t\t\t\t\t\t<p>En 2012, la F\u00e9d\u00e9ration des Associations pour l\u2019Int\u00e9gration des Migrants Asiatiques (ASIEMUT) a \u00e9t\u00e9 cr\u00e9\u00e9e pour regrouper les associations \u00e9manant des actions de l\u2019ASLC, mutualiser les efforts et les moyens et assurer la coh\u00e9sion des actions d\u2019int\u00e9gration men\u00e9es vers ces populations.<\/p>\t\t\t\t\t\t\t\t<\/div>\n\t\t\t\t<\/div>\n\t\t\t\t<div class=\"elementor-element elementor-element-7cab647 elementor-widget elementor-widget-spacer\" data-id=\"7cab647\" data-element_type=\"widget\" data-e-type=\"widget\" data-widget_type=\"spacer.default\">\n\t\t\t\t<div class=\"elementor-widget-container\">\n\t\t\t\t\t\t\t<div class=\"elementor-spacer\">\n\t\t\t<div class=\"elementor-spacer-inner\"><\/div>\n\t\t<\/div>\n\t\t\t\t\t\t<\/div>\n\t\t\t\t<\/div>\n\t\t\t\t\t<\/div>\n\t\t<\/div>\n\t\t\t\t\t<\/div>\n\t\t<\/section>\n\t\t\t\t<section class=\"elementor-section elementor-top-section elementor-element elementor-element-b50dcbb elementor-section-boxed elementor-section-height-default elementor-section-height-default\" data-id=\"b50dcbb\" data-element_type=\"section\" data-e-type=\"section\">\n\t\t\t\t\t\t<div class=\"elementor-container elementor-column-gap-default\">\n\t\t\t\t\t<div class=\"elementor-column elementor-col-50 elementor-top-column elementor-element elementor-element-c4b2bb6\" data-id=\"c4b2bb6\" data-element_type=\"column\" data-e-type=\"column\">\n\t\t\t<div class=\"elementor-widget-wrap elementor-element-populated\">\n\t\t\t\t\t\t<div class=\"elementor-element elementor-element-2ea65e4 elementor-widget elementor-widget-heading\" data-id=\"2ea65e4\" data-element_type=\"widget\" data-e-type=\"widget\" data-widget_type=\"heading.default\">\n\t\t\t\t<div class=\"elementor-widget-container\">\n\t\t\t\t\t<h2 class=\"elementor-heading-title elementor-size-large\"><h4>La naissance d\u2019ASLC : plus de 25 ans au service des migrants asiatiques<\/h4><\/h2>\t\t\t\t<\/div>\n\t\t\t\t<\/div>\n\t\t\t\t<div class=\"elementor-element elementor-element-61b4a81 elementor-widget elementor-widget-text-editor\" data-id=\"61b4a81\" data-element_type=\"widget\" data-e-type=\"widget\" data-widget_type=\"text-editor.default\">\n\t\t\t\t<div class=\"elementor-widget-container\">\n\t\t\t\t\t\t\t\t\t<p>L\u2018int\u00e9gration des populations sinophones pr\u00e9sentes en \u00cele-de-France constitue la mission premi\u00e8re de l\u2019ASLC (association d\u2019Assistance Scolaire, Linguistique et Culturelle) depuis plus 25 ans.<\/p><p>\u00a0<\/p><p>Au fil des ann\u00e9es, s\u2019appuyant sur sa connaissance des r\u00e9alit\u00e9s et des probl\u00e9matiques li\u00e9es \u00e0 l\u2019immigration chinoise en France et des besoins en mati\u00e8re d\u2019int\u00e9gration, l\u2019association a pu d\u00e9velopper deux activit\u00e9s compl\u00e9mentaires :<\/p>\t\t\t\t\t\t\t\t<\/div>\n\t\t\t\t<\/div>\n\t\t\t\t<div class=\"elementor-element elementor-element-3e855b2 elementor-widget elementor-widget-text-editor\" data-id=\"3e855b2\" data-element_type=\"widget\" data-e-type=\"widget\" data-widget_type=\"text-editor.default\">\n\t\t\t\t<div class=\"elementor-widget-container\">\n\t\t\t\t\t\t\t\t\t<ul><li>La domiciliation administrative, service courrier et assistance administrative aux migrants d\u2019origine asiatique<\/li><li>La mise en place d\u2019actions de formation en fran\u00e7ais (langue d\u2019int\u00e9gration, \u00e9trang\u00e8re ou professionnelle) pour adultes de tout niveaux linguistique dans ses deux centres linguistiques parisiens (quartiers R\u00e9publique et Stalingrad)<\/li><\/ul>\t\t\t\t\t\t\t\t<\/div>\n\t\t\t\t<\/div>\n\t\t\t\t\t<\/div>\n\t\t<\/div>\n\t\t\t\t<div class=\"elementor-column elementor-col-50 elementor-top-column elementor-element elementor-element-8d271b8\" data-id=\"8d271b8\" data-element_type=\"column\" data-e-type=\"column\">\n\t\t\t<div class=\"elementor-widget-wrap elementor-element-populated\">\n\t\t\t\t\t\t<div class=\"elementor-element elementor-element-6d777c3 elementor-widget elementor-widget-spacer\" data-id=\"6d777c3\" data-element_type=\"widget\" data-e-type=\"widget\" data-widget_type=\"spacer.default\">\n\t\t\t\t<div class=\"elementor-widget-container\">\n\t\t\t\t\t\t\t<div class=\"elementor-spacer\">\n\t\t\t<div class=\"elementor-spacer-inner\"><\/div>\n\t\t<\/div>\n\t\t\t\t\t\t<\/div>\n\t\t\t\t<\/div>\n\t\t\t\t<div class=\"elementor-element elementor-element-31f4f13 elementor-widget elementor-widget-image\" data-id=\"31f4f13\" data-element_type=\"widget\" data-e-type=\"widget\" data-widget_type=\"image.default\">\n\t\t\t\t<div class=\"elementor-widget-container\">\n\t\t\t\t\t\t\t\t\t\t\t\t\t\t\t<img fetchpriority=\"high\" decoding=\"async\" width=\"1024\" height=\"601\" src=\"https:\/\/asiemut-paris.org\/wp-content\/uploads\/2022\/08\/Belleville-rue-et-enseignes-Wenzhou@2x-1-1024x601.png\" class=\"attachment-large size-large wp-image-492\" alt=\"\" srcset=\"https:\/\/asiemut-paris.org\/wp-content\/uploads\/2022\/08\/Belleville-rue-et-enseignes-Wenzhou@2x-1-1024x601.png 1024w, https:\/\/asiemut-paris.org\/wp-content\/uploads\/2022\/08\/Belleville-rue-et-enseignes-Wenzhou@2x-1-300x176.png 300w, https:\/\/asiemut-paris.org\/wp-content\/uploads\/2022\/08\/Belleville-rue-et-enseignes-Wenzhou@2x-1-768x451.png 768w, https:\/\/asiemut-paris.org\/wp-content\/uploads\/2022\/08\/Belleville-rue-et-enseignes-Wenzhou@2x-1-1536x901.png 1536w, https:\/\/asiemut-paris.org\/wp-content\/uploads\/2022\/08\/Belleville-rue-et-enseignes-Wenzhou@2x-1.png 1762w\" sizes=\"(max-width: 1024px) 100vw, 1024px\" \/>\t\t\t\t\t\t\t\t\t\t\t\t\t\t\t<\/div>\n\t\t\t\t<\/div>\n\t\t\t\t<div class=\"elementor-element elementor-element-f3a7601 elementor-widget elementor-widget-spacer\" data-id=\"f3a7601\" data-element_type=\"widget\" data-e-type=\"widget\" data-widget_type=\"spacer.default\">\n\t\t\t\t<div class=\"elementor-widget-container\">\n\t\t\t\t\t\t\t<div class=\"elementor-spacer\">\n\t\t\t<div class=\"elementor-spacer-inner\"><\/div>\n\t\t<\/div>\n\t\t\t\t\t\t<\/div>\n\t\t\t\t<\/div>\n\t\t\t\t\t<\/div>\n\t\t<\/div>\n\t\t\t\t\t<\/div>\n\t\t<\/section>\n\t\t\t\t<section class=\"elementor-section elementor-top-section elementor-element elementor-element-09ee63d elementor-section-boxed elementor-section-height-default elementor-section-height-default\" data-id=\"09ee63d\" data-element_type=\"section\" data-e-type=\"section\">\n\t\t\t\t\t\t<div class=\"elementor-container elementor-column-gap-default\">\n\t\t\t\t\t<div class=\"elementor-column elementor-col-100 elementor-top-column elementor-element elementor-element-7becc61\" data-id=\"7becc61\" data-element_type=\"column\" data-e-type=\"column\">\n\t\t\t<div class=\"elementor-widget-wrap elementor-element-populated\">\n\t\t\t\t\t\t<div class=\"elementor-element elementor-element-61696d1 elementor-widget elementor-widget-text-editor\" data-id=\"61696d1\" data-element_type=\"widget\" data-e-type=\"widget\" data-widget_type=\"text-editor.default\">\n\t\t\t\t<div class=\"elementor-widget-container\">\n\t\t\t\t\t\t\t\t\t<p>L\u2019ASLC a \u00e9galement particip\u00e9 \u00e0 la mise en place de projets innovants centr\u00e9s sur les probl\u00e9matiques d\u2019int\u00e9gration de ces populations en France. L\u2019association a ainsi port\u00e9 le projet EQUAL\/FSE \u00ab Chinois d\u2019Europe et Int\u00e9gration \u00bb (2003-2005) et pilot\u00e9 l\u2019action \u00ab Longue Marche \u00bb (2004-2007).<\/p>\t\t\t\t\t\t\t\t<\/div>\n\t\t\t\t<\/div>\n\t\t\t\t<div class=\"elementor-element elementor-element-ddca689 elementor-widget elementor-widget-spacer\" data-id=\"ddca689\" data-element_type=\"widget\" data-e-type=\"widget\" data-widget_type=\"spacer.default\">\n\t\t\t\t<div class=\"elementor-widget-container\">\n\t\t\t\t\t\t\t<div class=\"elementor-spacer\">\n\t\t\t<div class=\"elementor-spacer-inner\"><\/div>\n\t\t<\/div>\n\t\t\t\t\t\t<\/div>\n\t\t\t\t<\/div>\n\t\t\t\t\t<\/div>\n\t\t<\/div>\n\t\t\t\t\t<\/div>\n\t\t<\/section>\n\t\t\t\t<section class=\"elementor-section elementor-top-section elementor-element elementor-element-f579a51 elementor-section-boxed elementor-section-height-default elementor-section-height-default\" data-id=\"f579a51\" data-element_type=\"section\" data-e-type=\"section\">\n\t\t\t\t\t\t<div class=\"elementor-container elementor-column-gap-default\">\n\t\t\t\t\t<div class=\"elementor-column elementor-col-33 elementor-top-column elementor-element elementor-element-85518e2\" data-id=\"85518e2\" data-element_type=\"column\" data-e-type=\"column\">\n\t\t\t<div class=\"elementor-widget-wrap elementor-element-populated\">\n\t\t\t\t\t\t<div class=\"elementor-element elementor-element-59737cb elementor-widget elementor-widget-image\" data-id=\"59737cb\" data-element_type=\"widget\" data-e-type=\"widget\" data-widget_type=\"image.default\">\n\t\t\t\t<div class=\"elementor-widget-container\">\n\t\t\t\t\t\t\t\t\t\t\t\t\t\t\t<img decoding=\"async\" width=\"1024\" height=\"676\" src=\"https:\/\/asiemut-paris.org\/wp-content\/uploads\/2022\/08\/Notre-histoire-jawid@2x-1024x676.png\" class=\"attachment-large size-large wp-image-545\" alt=\"\" srcset=\"https:\/\/asiemut-paris.org\/wp-content\/uploads\/2022\/08\/Notre-histoire-jawid@2x-1024x676.png 1024w, https:\/\/asiemut-paris.org\/wp-content\/uploads\/2022\/08\/Notre-histoire-jawid@2x-300x198.png 300w, https:\/\/asiemut-paris.org\/wp-content\/uploads\/2022\/08\/Notre-histoire-jawid@2x-768x507.png 768w, https:\/\/asiemut-paris.org\/wp-content\/uploads\/2022\/08\/Notre-histoire-jawid@2x.png 1396w\" sizes=\"(max-width: 1024px) 100vw, 1024px\" \/>\t\t\t\t\t\t\t\t\t\t\t\t\t\t\t<\/div>\n\t\t\t\t<\/div>\n\t\t\t\t<div class=\"elementor-element elementor-element-0c9c665 elementor-widget elementor-widget-image\" data-id=\"0c9c665\" data-element_type=\"widget\" data-e-type=\"widget\" data-widget_type=\"image.default\">\n\t\t\t\t<div class=\"elementor-widget-container\">\n\t\t\t\t\t\t\t\t\t\t\t\t\t\t\t<img decoding=\"async\" width=\"1024\" height=\"683\" src=\"https:\/\/asiemut-paris.org\/wp-content\/uploads\/2022\/09\/DSC04978-1024x683.jpg\" class=\"attachment-large size-large wp-image-3109\" alt=\"\" srcset=\"https:\/\/asiemut-paris.org\/wp-content\/uploads\/2022\/09\/DSC04978-1024x683.jpg 1024w, https:\/\/asiemut-paris.org\/wp-content\/uploads\/2022\/09\/DSC04978-300x200.jpg 300w, https:\/\/asiemut-paris.org\/wp-content\/uploads\/2022\/09\/DSC04978-768x512.jpg 768w, https:\/\/asiemut-paris.org\/wp-content\/uploads\/2022\/09\/DSC04978-1536x1024.jpg 1536w, https:\/\/asiemut-paris.org\/wp-content\/uploads\/2022\/09\/DSC04978-2048x1365.jpg 2048w\" sizes=\"(max-width: 1024px) 100vw, 1024px\" \/>\t\t\t\t\t\t\t\t\t\t\t\t\t\t\t<\/div>\n\t\t\t\t<\/div>\n\t\t\t\t<div class=\"elementor-element elementor-element-5761f59 elementor-widget elementor-widget-spacer\" data-id=\"5761f59\" data-element_type=\"widget\" data-e-type=\"widget\" data-widget_type=\"spacer.default\">\n\t\t\t\t<div class=\"elementor-widget-container\">\n\t\t\t\t\t\t\t<div class=\"elementor-spacer\">\n\t\t\t<div class=\"elementor-spacer-inner\"><\/div>\n\t\t<\/div>\n\t\t\t\t\t\t<\/div>\n\t\t\t\t<\/div>\n\t\t\t\t\t<\/div>\n\t\t<\/div>\n\t\t\t\t<div class=\"elementor-column elementor-col-66 elementor-top-column elementor-element elementor-element-35e7497\" data-id=\"35e7497\" data-element_type=\"column\" data-e-type=\"column\">\n\t\t\t<div class=\"elementor-widget-wrap elementor-element-populated\">\n\t\t\t\t\t\t<div class=\"elementor-element elementor-element-fbb2306 elementor-widget elementor-widget-text-editor\" data-id=\"fbb2306\" data-element_type=\"widget\" data-e-type=\"widget\" data-widget_type=\"text-editor.default\">\n\t\t\t\t<div class=\"elementor-widget-container\">\n\t\t\t\t\t\t\t\t\t<p>D\u00e8s sa cr\u00e9ation, l\u2019ASLC a cherch\u00e9 \u00e0 se doter d\u2019un outil de communication sp\u00e9cifique pour s\u2019adresser \u00e0 son public. Depuis 1996, l\u2019association ASIANCES communique \u00e0 la fois :<\/p><p><br><\/p>\n<p>\u2013 vers le public sinophone, qu\u2019il soit primo-arrivant ou install\u00e9 sur le territoire depuis de nombreuses ann\u00e9es.<\/p>\n<p>ASIANCES propose des outils d\u2019information et de communication formalis\u00e9s en chinois et en fran\u00e7ais pour informer ce public sur la France, sa culture, le syst\u00e8me d\u2019\u00e9ducation etc. Par exemple : l\u2019\u00e9dition d\u2019un guide scolaire, la cr\u00e9ation et animation d\u2019une \u00e9mission de radio \u00ab Radio Wenzhou \u00bb, l\u2019\u00e9dition d\u2019un magazine \u00ab Le Gong \u00bb, l\u2019animation d\u2019une web-radio ou la cr\u00e9ation d\u2019une Web TV \u00ab Cap33 \u00bb.<\/p><p><br><\/p>\n<p>\u2013 vers le public francophone<\/p>\n<p>ASIANCES s\u2019est consacr\u00e9 \u00e0 la production et la diffusion d\u2019outils audiovisuels traitant de la lutte contre les in\u00e9galit\u00e9s et des discriminations envers les communaut\u00e9s chinoises en France mais aussi de son int\u00e9gration et de son insertion professionnelle. Plusieurs documentaires ont \u00e9t\u00e9 r\u00e9alis\u00e9s : \u00ab 7 femmes chinoises \u00bb et \u00ab Histoires de femmes Anne et Liu \u00bb&nbsp; dans le cadre d\u2019un projet europ\u00e9en mais aussi&nbsp; \u00ab Les chinois de Paris I \u00bb et \u00ab Les sentiers chinois de la r\u00e9ussite \u00bb pour TV5.<\/p><p><br><\/p>\t\t\t\t\t\t\t\t<\/div>\n\t\t\t\t<\/div>\n\t\t\t\t\t<\/div>\n\t\t<\/div>\n\t\t\t\t\t<\/div>\n\t\t<\/section>\n\t\t\t\t<section class=\"elementor-section elementor-top-section elementor-element elementor-element-1f9e70d elementor-section-boxed elementor-section-height-default elementor-section-height-default\" data-id=\"1f9e70d\" data-element_type=\"section\" data-e-type=\"section\">\n\t\t\t\t\t\t<div class=\"elementor-container elementor-column-gap-default\">\n\t\t\t\t\t<div class=\"elementor-column elementor-col-100 elementor-top-column elementor-element elementor-element-7def669\" data-id=\"7def669\" data-element_type=\"column\" data-e-type=\"column\">\n\t\t\t<div class=\"elementor-widget-wrap elementor-element-populated\">\n\t\t\t\t\t\t<div class=\"elementor-element elementor-element-d564f7e elementor-widget elementor-widget-text-editor\" data-id=\"d564f7e\" data-element_type=\"widget\" data-e-type=\"widget\" data-widget_type=\"text-editor.default\">\n\t\t\t\t<div class=\"elementor-widget-container\">\n\t\t\t\t\t\t\t\t\t<p>Par ailleurs, nos actions d\u2019int\u00e9gration se sont rapidement \u00e9largies \u00e0 d\u2019autres sph\u00e8res :<\/p>\t\t\t\t\t\t\t\t<\/div>\n\t\t\t\t<\/div>\n\t\t\t\t<div class=\"elementor-element elementor-element-335061a elementor-widget elementor-widget-text-editor\" data-id=\"335061a\" data-element_type=\"widget\" data-e-type=\"widget\" data-widget_type=\"text-editor.default\">\n\t\t\t\t<div class=\"elementor-widget-container\">\n\t\t\t\t\t\t\t\t\t<p>La petite enfance, avec la fondation en 2005 de l\u2019association AFAPE (Association Franco-Asiatique pour l\u2019Enfance),\u00a0 qui vise \u00e0\u00a0 favoriser l\u2019int\u00e9gration des jeunes enfants, ainsi que des familles et des personnels d\u2019origine asiatique en proposant une approche in\u00e9dite de la garde d\u2019enfant, bas\u00e9e sur la mise en pr\u00e9sence de deux cultures d\u00e8s le plus jeune \u00e2ge.<\/p><p>Deux cr\u00e8ches ont \u00e9t\u00e9 ouvertes et sont g\u00e9r\u00e9es aujourd\u2019hui par l\u2019association :<\/p><p>\u00a0<\/p><p>\u2013 Une cr\u00e8che franco-chinoise ouverte en 2005 et situ\u00e9e dans le quartier R\u00e9publique<\/p><p>\u2013 Une cr\u00e8che franco-asiatique ouverte en 2011 et situ\u00e9e dans le quartier Stalingrad<\/p><p>\u00a0<\/p><p>La r\u00e9ussite \u00e9ducative, avec la cr\u00e9ation en 2005 du Club du Bambou Savant (CLUB\u2019s), association d\u00e9di\u00e9e des actions d\u2019accompagnement dans la scolarit\u00e9 \u00e0 destination de jeunes coll\u00e9giens et \u00e9l\u00e8ves de primaire issus de la communaut\u00e9 asiatique mais sans exclusivit\u00e9, et en difficult\u00e9 avec la langue fran\u00e7aise.<\/p>\t\t\t\t\t\t\t\t<\/div>\n\t\t\t\t<\/div>\n\t\t\t\t<div class=\"elementor-element elementor-element-c8eeea9 elementor-widget elementor-widget-spacer\" data-id=\"c8eeea9\" data-element_type=\"widget\" data-e-type=\"widget\" data-widget_type=\"spacer.default\">\n\t\t\t\t<div class=\"elementor-widget-container\">\n\t\t\t\t\t\t\t<div class=\"elementor-spacer\">\n\t\t\t<div class=\"elementor-spacer-inner\"><\/div>\n\t\t<\/div>\n\t\t\t\t\t\t<\/div>\n\t\t\t\t<\/div>\n\t\t\t\t\t<\/div>\n\t\t<\/div>\n\t\t\t\t\t<\/div>\n\t\t<\/section>\n\t\t\t\t<section class=\"elementor-section elementor-top-section elementor-element elementor-element-6ab6dcd elementor-section-boxed elementor-section-height-default elementor-section-height-default\" data-id=\"6ab6dcd\" data-element_type=\"section\" data-e-type=\"section\">\n\t\t\t\t\t\t<div class=\"elementor-container elementor-column-gap-default\">\n\t\t\t\t\t<div class=\"elementor-column elementor-col-100 elementor-top-column elementor-element elementor-element-44d1e66\" data-id=\"44d1e66\" data-element_type=\"column\" data-e-type=\"column\">\n\t\t\t<div class=\"elementor-widget-wrap elementor-element-populated\">\n\t\t\t\t\t\t<div class=\"elementor-element elementor-element-4a825b9 elementor-widget elementor-widget-image\" data-id=\"4a825b9\" data-element_type=\"widget\" data-e-type=\"widget\" data-widget_type=\"image.default\">\n\t\t\t\t<div class=\"elementor-widget-container\">\n\t\t\t\t\t\t\t\t\t\t\t\t\t\t\t<img loading=\"lazy\" decoding=\"async\" width=\"2560\" height=\"1440\" src=\"https:\/\/asiemut-paris.org\/wp-content\/uploads\/2022\/10\/DSC01835-scaled.jpg\" class=\"attachment-full size-full wp-image-3277\" alt=\"\" srcset=\"https:\/\/asiemut-paris.org\/wp-content\/uploads\/2022\/10\/DSC01835-scaled.jpg 2560w, https:\/\/asiemut-paris.org\/wp-content\/uploads\/2022\/10\/DSC01835-300x169.jpg 300w, https:\/\/asiemut-paris.org\/wp-content\/uploads\/2022\/10\/DSC01835-1024x576.jpg 1024w, https:\/\/asiemut-paris.org\/wp-content\/uploads\/2022\/10\/DSC01835-768x432.jpg 768w, https:\/\/asiemut-paris.org\/wp-content\/uploads\/2022\/10\/DSC01835-1536x864.jpg 1536w, https:\/\/asiemut-paris.org\/wp-content\/uploads\/2022\/10\/DSC01835-2048x1152.jpg 2048w\" sizes=\"(max-width: 2560px) 100vw, 2560px\" \/>\t\t\t\t\t\t\t\t\t\t\t\t\t\t\t<\/div>\n\t\t\t\t<\/div>\n\t\t\t\t\t<\/div>\n\t\t<\/div>\n\t\t\t\t\t<\/div>\n\t\t<\/section>\n\t\t\t\t<section class=\"elementor-section elementor-top-section elementor-element elementor-element-68233e4 elementor-section-boxed elementor-section-height-default elementor-section-height-default\" data-id=\"68233e4\" data-element_type=\"section\" data-e-type=\"section\">\n\t\t\t\t\t\t<div class=\"elementor-container elementor-column-gap-default\">\n\t\t\t\t\t<div class=\"elementor-column elementor-col-100 elementor-top-column elementor-element elementor-element-7b88854\" data-id=\"7b88854\" data-element_type=\"column\" data-e-type=\"column\">\n\t\t\t<div class=\"elementor-widget-wrap elementor-element-populated\">\n\t\t\t\t\t\t<div class=\"elementor-element elementor-element-7f43617 elementor-widget elementor-widget-spacer\" data-id=\"7f43617\" data-element_type=\"widget\" data-e-type=\"widget\" data-widget_type=\"spacer.default\">\n\t\t\t\t<div class=\"elementor-widget-container\">\n\t\t\t\t\t\t\t<div class=\"elementor-spacer\">\n\t\t\t<div class=\"elementor-spacer-inner\"><\/div>\n\t\t<\/div>\n\t\t\t\t\t\t<\/div>\n\t\t\t\t<\/div>\n\t\t\t\t<div class=\"elementor-element elementor-element-83f33f6 elementor-widget elementor-widget-heading\" data-id=\"83f33f6\" data-element_type=\"widget\" data-e-type=\"widget\" data-widget_type=\"heading.default\">\n\t\t\t\t<div class=\"elementor-widget-container\">\n\t\t\t\t\t<h2 class=\"elementor-heading-title elementor-size-default\"><h4>La multiplication de nos leviers d\u2019action<\/h4><\/h2>\t\t\t\t<\/div>\n\t\t\t\t<\/div>\n\t\t\t\t\t<\/div>\n\t\t<\/div>\n\t\t\t\t\t<\/div>\n\t\t<\/section>\n\t\t\t\t<section class=\"elementor-section elementor-top-section elementor-element elementor-element-c0926b5 elementor-section-boxed elementor-section-height-default elementor-section-height-default\" data-id=\"c0926b5\" data-element_type=\"section\" data-e-type=\"section\">\n\t\t\t\t\t\t<div class=\"elementor-container elementor-column-gap-default\">\n\t\t\t\t\t<div class=\"elementor-column elementor-col-100 elementor-top-column elementor-element elementor-element-887107a\" data-id=\"887107a\" data-element_type=\"column\" data-e-type=\"column\">\n\t\t\t<div class=\"elementor-widget-wrap elementor-element-populated\">\n\t\t\t\t\t\t<div class=\"elementor-element elementor-element-3400175 elementor-widget elementor-widget-text-editor\" data-id=\"3400175\" data-element_type=\"widget\" data-e-type=\"widget\" data-widget_type=\"text-editor.default\">\n\t\t\t\t<div class=\"elementor-widget-container\">\n\t\t\t\t\t\t\t\t\t<p>Nous avons par la suite continu\u00e9 \u00e0 d\u00e9velopper nos moyens d\u2019action dans l\u2019objectif de proposer une offre de services toujours plus large, coh\u00e9rente et compl\u00e9mentaire en faveur de l\u2019int\u00e9gration des migrants.<\/p><p>\u00a0<\/p>\t\t\t\t\t\t\t\t<\/div>\n\t\t\t\t<\/div>\n\t\t\t\t\t<\/div>\n\t\t<\/div>\n\t\t\t\t\t<\/div>\n\t\t<\/section>\n\t\t\t\t<section class=\"elementor-section elementor-top-section elementor-element elementor-element-f68c722 elementor-section-boxed elementor-section-height-default elementor-section-height-default\" data-id=\"f68c722\" data-element_type=\"section\" data-e-type=\"section\">\n\t\t\t\t\t\t<div class=\"elementor-container elementor-column-gap-default\">\n\t\t\t\t\t<div class=\"elementor-column elementor-col-100 elementor-top-column elementor-element elementor-element-6bf80ef\" data-id=\"6bf80ef\" data-element_type=\"column\" data-e-type=\"column\">\n\t\t\t<div class=\"elementor-widget-wrap elementor-element-populated\">\n\t\t\t\t\t\t<div class=\"elementor-element elementor-element-2fb8c35 elementor-widget elementor-widget-text-editor\" data-id=\"2fb8c35\" data-element_type=\"widget\" data-e-type=\"widget\" data-widget_type=\"text-editor.default\">\n\t\t\t\t<div class=\"elementor-widget-container\">\n\t\t\t\t\t\t\t\t\t<ul>\n<li>L\u2019association ACTE (Acc\u00e8s aux Certifications et Tests pour les \u00c9trangers) a \u00e9t\u00e9 mise en place en 2012 pour favoriser l\u2019acc\u00e8s aux certifications et dipl\u00f4mes de langue fran\u00e7aise aux \u00e9trangers. Reprenant une activit\u00e9 lanc\u00e9e par ASLC, ACTE est aujourd\u2019hui conventionn\u00e9e par le CIEP pour la passation des DILF, TCF Tout Public, Qu\u00e9bec, Acc\u00e8s \u00e0 la Nationalit\u00e9 Fran\u00e7aise et Carte de R\u00e9sident et est partenaire de l\u2019INSTEP \u00cele-de-France L\u00e9o Lagrange pour la passation du DELF.<\/li>\n<\/ul>\n<div><br><\/div>\n<ul>\n<li>Faisant face \u00e0 la demande de parents chinois et fran\u00e7ais souhaitant que leur(s) enfant(s) puisse ma\u00eetriser la langue chinoise, l\u2019\u00e9cole TONGJI a \u00e9t\u00e9 cr\u00e9\u00e9e en 2014 pour proposer des cours de mandarin aux jeunes enfants et aux coll\u00e9giens. Aujourd\u2019hui, elle propose aussi des cours pour les adultes.<\/li>\n<\/ul><div><br><\/div>\n<ul>\n<li>En 2017, l\u2019APIES (Association pour la Promotion d\u2019Initiatives \u00c9conomiques et Sociales), association cr\u00e9\u00e9e en 2009 pour favoriser le d\u00e9veloppement de projets individuels ou collectifs \u00e0 valeur \u00e9conomique ou sociale, a rejoint la f\u00e9d\u00e9ration ASIEMUT. Elle apporte son soutien aux cr\u00e9ateurs d\u2019entreprise et d\u2019association, notamment aux porteurs de projet en difficult\u00e9 avec la langue fran\u00e7aise.<\/li>\n<\/ul>\t\t\t\t\t\t\t\t<\/div>\n\t\t\t\t<\/div>\n\t\t\t\t<div class=\"elementor-element elementor-element-3e72bc5 elementor-widget elementor-widget-spacer\" data-id=\"3e72bc5\" data-element_type=\"widget\" data-e-type=\"widget\" data-widget_type=\"spacer.default\">\n\t\t\t\t<div class=\"elementor-widget-container\">\n\t\t\t\t\t\t\t<div class=\"elementor-spacer\">\n\t\t\t<div class=\"elementor-spacer-inner\"><\/div>\n\t\t<\/div>\n\t\t\t\t\t\t<\/div>\n\t\t\t\t<\/div>\n\t\t\t\t\t<\/div>\n\t\t<\/div>\n\t\t\t\t\t<\/div>\n\t\t<\/section>\n\t\t\t\t<section class=\"elementor-section elementor-top-section elementor-element elementor-element-0f53079 elementor-section-full_width elementor-section-height-default elementor-section-height-default\" data-id=\"0f53079\" data-element_type=\"section\" data-e-type=\"section\" data-settings=\"{&quot;background_background&quot;:&quot;classic&quot;}\">\n\t\t\t\t\t\t<div class=\"elementor-container elementor-column-gap-default\">\n\t\t\t\t\t<div class=\"elementor-column elementor-col-100 elementor-top-column elementor-element elementor-element-722112c\" data-id=\"722112c\" data-element_type=\"column\" data-e-type=\"column\">\n\t\t\t<div class=\"elementor-widget-wrap elementor-element-populated\">\n\t\t\t\t\t\t<div class=\"elementor-element elementor-element-549ab09 elementor-widget elementor-widget-spacer\" data-id=\"549ab09\" data-element_type=\"widget\" data-e-type=\"widget\" data-widget_type=\"spacer.default\">\n\t\t\t\t<div class=\"elementor-widget-container\">\n\t\t\t\t\t\t\t<div class=\"elementor-spacer\">\n\t\t\t<div class=\"elementor-spacer-inner\"><\/div>\n\t\t<\/div>\n\t\t\t\t\t\t<\/div>\n\t\t\t\t<\/div>\n\t\t\t\t<section class=\"elementor-section elementor-inner-section elementor-element elementor-element-a180e44 elementor-section-boxed elementor-section-height-default elementor-section-height-default\" data-id=\"a180e44\" data-element_type=\"section\" data-e-type=\"section\" data-settings=\"{&quot;background_background&quot;:&quot;classic&quot;}\">\n\t\t\t\t\t\t<div class=\"elementor-container elementor-column-gap-default\">\n\t\t\t\t\t<div class=\"elementor-column elementor-col-50 elementor-inner-column elementor-element elementor-element-7e5c1d5\" data-id=\"7e5c1d5\" data-element_type=\"column\" data-e-type=\"column\" data-settings=\"{&quot;background_background&quot;:&quot;classic&quot;}\">\n\t\t\t<div class=\"elementor-widget-wrap elementor-element-populated\">\n\t\t\t\t\t\t<div class=\"elementor-element elementor-element-fc757a9 elementor-widget elementor-widget-image\" data-id=\"fc757a9\" data-element_type=\"widget\" data-e-type=\"widget\" data-widget_type=\"image.default\">\n\t\t\t\t<div class=\"elementor-widget-container\">\n\t\t\t\t\t\t\t\t\t\t\t\t\t\t\t<img loading=\"lazy\" decoding=\"async\" width=\"1024\" height=\"987\" src=\"https:\/\/asiemut-paris.org\/wp-content\/uploads\/2022\/08\/Communite@2x-1024x987.png\" class=\"attachment-large size-large wp-image-499\" alt=\"\" srcset=\"https:\/\/asiemut-paris.org\/wp-content\/uploads\/2022\/08\/Communite@2x-1024x987.png 1024w, https:\/\/asiemut-paris.org\/wp-content\/uploads\/2022\/08\/Communite@2x-300x289.png 300w, https:\/\/asiemut-paris.org\/wp-content\/uploads\/2022\/08\/Communite@2x-768x740.png 768w, https:\/\/asiemut-paris.org\/wp-content\/uploads\/2022\/08\/Communite@2x-1120x1080.png 1120w, https:\/\/asiemut-paris.org\/wp-content\/uploads\/2022\/08\/Communite@2x.png 1340w\" sizes=\"(max-width: 1024px) 100vw, 1024px\" \/>\t\t\t\t\t\t\t\t\t\t\t\t\t\t\t<\/div>\n\t\t\t\t<\/div>\n\t\t\t\t\t<\/div>\n\t\t<\/div>\n\t\t\t\t<div class=\"elementor-column elementor-col-50 elementor-inner-column elementor-element elementor-element-7c28c11\" data-id=\"7c28c11\" data-element_type=\"column\" data-e-type=\"column\" data-settings=\"{&quot;background_background&quot;:&quot;classic&quot;}\">\n\t\t\t<div class=\"elementor-widget-wrap elementor-element-populated\">\n\t\t\t\t\t\t<div class=\"elementor-element elementor-element-572733a elementor-widget elementor-widget-text-editor\" data-id=\"572733a\" data-element_type=\"widget\" data-e-type=\"widget\" data-widget_type=\"text-editor.default\">\n\t\t\t\t<div class=\"elementor-widget-container\">\n\t\t\t\t\t\t\t\t\t<p>La communaut\u00e9 Wenzhou de Belleville<\/p>\t\t\t\t\t\t\t\t<\/div>\n\t\t\t\t<\/div>\n\t\t\t\t<div class=\"elementor-element elementor-element-ccaa5e3 elementor-widget elementor-widget-text-editor\" data-id=\"ccaa5e3\" data-element_type=\"widget\" data-e-type=\"widget\" data-widget_type=\"text-editor.default\">\n\t\t\t\t<div class=\"elementor-widget-container\">\n\t\t\t\t\t\t\t\t\t<p>La communaut\u00e9 chinoise de France est aujourd\u2019hui la plus importante d\u2019Europe, avec environ 250 000 personnes r\u00e9sidant en \u00cele-de-France.<\/p>\t\t\t\t\t\t\t\t<\/div>\n\t\t\t\t<\/div>\n\t\t\t\t<div class=\"elementor-element elementor-element-1074a16 elementor-widget elementor-widget-spacer\" data-id=\"1074a16\" data-element_type=\"widget\" data-e-type=\"widget\" data-widget_type=\"spacer.default\">\n\t\t\t\t<div class=\"elementor-widget-container\">\n\t\t\t\t\t\t\t<div class=\"elementor-spacer\">\n\t\t\t<div class=\"elementor-spacer-inner\"><\/div>\n\t\t<\/div>\n\t\t\t\t\t\t<\/div>\n\t\t\t\t<\/div>\n\t\t\t\t<div class=\"elementor-element elementor-element-443d7e7 elementor-align-left elementor-mobile-align-center elementor-widget elementor-widget-button\" data-id=\"443d7e7\" data-element_type=\"widget\" data-e-type=\"widget\" data-widget_type=\"button.default\">\n\t\t\t\t<div class=\"elementor-widget-container\">\n\t\t\t\t\t\t\t\t\t<div class=\"elementor-button-wrapper\">\n\t\t\t\t\t<a class=\"elementor-button elementor-button-link elementor-size-sm\" href=\"https:\/\/asiemut-paris.org\/?page_id=2819\">\n\t\t\t\t\t\t<span class=\"elementor-button-content-wrapper\">\n\t\t\t\t\t\t\t\t\t<span class=\"elementor-button-text\">En savoir+<\/span>\n\t\t\t\t\t<\/span>\n\t\t\t\t\t<\/a>\n\t\t\t\t<\/div>\n\t\t\t\t\t\t\t\t<\/div>\n\t\t\t\t<\/div>\n\t\t\t\t\t<\/div>\n\t\t<\/div>\n\t\t\t\t\t<\/div>\n\t\t<\/section>\n\t\t\t\t<div class=\"elementor-element elementor-element-bf89955 elementor-widget elementor-widget-spacer\" data-id=\"bf89955\" data-element_type=\"widget\" data-e-type=\"widget\" data-widget_type=\"spacer.default\">\n\t\t\t\t<div class=\"elementor-widget-container\">\n\t\t\t\t\t\t\t<div class=\"elementor-spacer\">\n\t\t\t<div class=\"elementor-spacer-inner\"><\/div>\n\t\t<\/div>\n\t\t\t\t\t\t<\/div>\n\t\t\t\t<\/div>\n\t\t\t\t\t<\/div>\n\t\t<\/div>\n\t\t\t\t\t<\/div>\n\t\t<\/section>\n\t\t\t\t<\/div>\n\t\t","protected":false},"excerpt":{"rendered":"<p>Notre Histoire\u00a0 En 2012, la F\u00e9d\u00e9ration des Associations pour l\u2019Int\u00e9gration des Migrants Asiatiques (ASIEMUT) a \u00e9t\u00e9 cr\u00e9\u00e9e pour regrouper les associations \u00e9manant des actions de l\u2019ASLC, mutualiser les efforts et les moyens et assurer la coh\u00e9sion des actions d\u2019int\u00e9gration men\u00e9es vers ces populations. La naissance d\u2019ASLC : plus de 25 ans au service des migrants [&hellip;]<\/p>\n","protected":false},"author":2,"featured_media":0,"parent":0,"menu_order":2,"comment_status":"closed","ping_status":"closed","template":"elementor_header_footer","meta":{"_monsterinsights_skip_tracking":false,"_monsterinsights_sitenote_active":false,"_monsterinsights_sitenote_note":"","_monsterinsights_sitenote_category":0,"footnotes":""},"class_list":["post-69","page","type-page","status-publish","hentry"],"_links":{"self":[{"href":"https:\/\/asiemut-paris.org\/index.php?rest_route=\/wp\/v2\/pages\/69","targetHints":{"allow":["GET"]}}],"collection":[{"href":"https:\/\/asiemut-paris.org\/index.php?rest_route=\/wp\/v2\/pages"}],"about":[{"href":"https:\/\/asiemut-paris.org\/index.php?rest_route=\/wp\/v2\/types\/page"}],"author":[{"embeddable":true,"href":"https:\/\/asiemut-paris.org\/index.php?rest_route=\/wp\/v2\/users\/2"}],"replies":[{"embeddable":true,"href":"https:\/\/asiemut-paris.org\/index.php?rest_route=%2Fwp%2Fv2%2Fcomments&post=69"}],"version-history":[{"count":454,"href":"https:\/\/asiemut-paris.org\/index.php?rest_route=\/wp\/v2\/pages\/69\/revisions"}],"predecessor-version":[{"id":3483,"href":"https:\/\/asiemut-paris.org\/index.php?rest_route=\/wp\/v2\/pages\/69\/revisions\/3483"}],"wp:attachment":[{"href":"https:\/\/asiemut-paris.org\/index.php?rest_route=%2Fwp%2Fv2%2Fmedia&parent=69"}],"curies":[{"name":"wp","href":"https:\/\/api.w.org\/{rel}","templated":true}]}}